{"id":46,"date":"2023-09-25T01:22:00","date_gmt":"2023-09-24T23:22:00","guid":{"rendered":"http:\/\/www.aga.riders.pl\/wp\/?page_id=46"},"modified":"2024-03-01T08:37:13","modified_gmt":"2024-03-01T07:37:13","slug":"materialy","status":"publish","type":"page","link":"https:\/\/agnieszkalacka.pl\/index.php\/dydaktyka\/matematyka\/materialy\/","title":{"rendered":"Materia\u0142y"},"content":{"rendered":"<p><strong><span style=\"font-size: small;\">MATEMATYKA I STATYSTYKA<\/span><\/strong><\/p>\n<table width=\"70%\">\n<tbody>\n<tr>\n<td colspan=\"2\" align=\"center\">SEMESTR ZIMOWY<\/td>\n<\/tr>\n<tr>\n<td valign=\"top\" width=\"50%\">\n<ul>\n<li style=\"list-style-type: none;\">\n<ul>ZADANIA<\/ul>\n<\/li>\n<\/ul>\n<ul>\n<li><a href=\"http:\/\/agnieszkalacka.pl\/wp-content\/uploads\/2018\/09\/c1.pdf\">\u0106wiczenia 1<\/a><\/li>\n<li><a href=\"https:\/\/agnieszkalacka.pl\/wp-content\/uploads\/2021\/10\/cwicz_2_3.pdf\">\u0106wiczenia 2 i 3<\/a><\/li>\n<li><a href=\"https:\/\/agnieszkalacka.pl\/wp-content\/uploads\/2021\/10\/c4.pdf\">\u0106wiczenia 4<\/a><\/li>\n<li><a href=\"http:\/\/agnieszkalacka.pl\/wp-content\/uploads\/2018\/09\/c5.pdf\">\u0106wiczenia 5<\/a><\/li>\n<li><a href=\"http:\/\/agnieszkalacka.pl\/wp-content\/uploads\/2018\/09\/c6.pdf\">\u0106wiczenia 6<\/a><\/li>\n<li><a href=\"http:\/\/agnieszkalacka.pl\/wp-content\/uploads\/2018\/09\/c7_8.pdf\">\u0106wiczenia 7 i 8<\/a><\/li>\n<li>kolokwium I<\/li>\n<li><a href=\"http:\/\/agnieszkalacka.pl\/wp-content\/uploads\/2018\/09\/c10.pdf\">\u0106wiczenia 10<\/a><\/li>\n<li><a href=\"http:\/\/agnieszkalacka.pl\/wp-content\/uploads\/2018\/09\/c11.pdf\">\u0106wiczenia 11<\/a><\/li>\n<li><a href=\"http:\/\/agnieszkalacka.pl\/wp-content\/uploads\/2018\/09\/c12_13.pdf\">\u0106wiczenia 12 i 13<\/a><\/li>\n<li>kolokwium II<\/li>\n<\/ul>\n<\/td>\n<td valign=\"top\">\n<ul>\n<li style=\"list-style-type: none;\">\n<ul>TEORIA<\/ul>\n<\/li>\n<\/ul>\n<ul>\n<li><a href=\"http:\/\/agnieszkalacka.pl\/wp-content\/uploads\/2018\/09\/t1.pdf\">\u0106wiczenia 1 &#8211; teoria<\/a><\/li>\n<li><a href=\"http:\/\/agnieszkalacka.pl\/wp-content\/uploads\/2018\/09\/t2.pdf\">\u0106wiczenia 2 i 3 &#8211; teoria<\/a><\/li>\n<li><a href=\"http:\/\/agnieszkalacka.pl\/wp-content\/uploads\/2018\/09\/t3.pdf\">\u0106wiczenia 2 i 3 &#8211; przyk\u0142ady<\/a><\/li>\n<li><a href=\"http:\/\/agnieszkalacka.pl\/wp-content\/uploads\/2018\/09\/t4_.pdf\">\u0106wiczenia 4 &#8211; teoria<\/a><\/li>\n<li><a href=\"http:\/\/agnieszkalacka.pl\/wp-content\/uploads\/2018\/09\/t5.pdf\">\u0106wiczenia 5 &#8211; teoria<\/a><\/li>\n<li><a href=\"http:\/\/agnieszkalacka.pl\/wp-content\/uploads\/2018\/09\/t6.pdf\">\u0106wiczenia 6 &#8211; teoria<\/a><\/li>\n<li><a href=\"http:\/\/agnieszkalacka.pl\/wp-content\/uploads\/2018\/09\/t7.pdf\">\u0106wiczenia 7 &#8211; teoria<\/a><\/li>\n<li><a href=\"http:\/\/agnieszkalacka.pl\/wp-content\/uploads\/2018\/09\/t8.pdf\">\u0106wiczenia 8 &#8211; teoria<\/a><\/li>\n<li><a href=\"http:\/\/agnieszkalacka.pl\/wp-content\/uploads\/2018\/09\/t10.pdf\">\u0106wiczenia 10 &#8211; teoria<\/a><\/li>\n<li><a href=\"http:\/\/agnieszkalacka.pl\/wp-content\/uploads\/2018\/09\/t11.pdf\">\u0106wiczenia 11 &#8211; teoria<\/a><\/li>\n<li><a href=\"http:\/\/agnieszkalacka.pl\/wp-content\/uploads\/2018\/09\/t12-13.pdf\">\u0106wiczenia 12 i 13 &#8211; teoria<\/a><\/li>\n<\/ul>\n<\/td>\n<\/tr>\n<\/tbody>\n<\/table>\n<table width=\"70%\">\n<tbody>\n<tr>\n<td style=\"text-align: center;\" colspan=\"2\" align=\"center\">SEMESTR LETNI<\/td>\n<td align=\"center\">\u00a0<\/td>\n<\/tr>\n<tr>\n<td valign=\"top\" width=\"50%\">\n<ul style=\"text-align: left;\">ZADANIA<\/ul>\n<ul>\n<li><a href=\"http:\/\/agnieszkalacka.pl\/wp-content\/uploads\/2019\/02\/1.pdf\">\u0106wiczenia 1<\/a><\/li>\n<li><a href=\"http:\/\/agnieszkalacka.pl\/wp-content\/uploads\/2019\/02\/2.pdf\">\u0106wiczenia 2<\/a><\/li>\n<li><a href=\"http:\/\/agnieszkalacka.pl\/wp-content\/uploads\/2019\/02\/3_4.pdf\">\u0106wiczenia 3,4<\/a><\/li>\n<li><a href=\"http:\/\/agnieszkalacka.pl\/wp-content\/uploads\/2020\/03\/5_6.pdf\">\u0106wiczenia 5,6<\/a><\/li>\n<li><a href=\"http:\/\/agnieszkalacka.pl\/wp-content\/uploads\/2019\/03\/7.pdf\">\u0106wiczenia 7<\/a><\/li>\n<li>kolokwium I<\/li>\n<li><a href=\"http:\/\/agnieszkalacka.pl\/wp-content\/uploads\/2019\/04\/9.pdf\">\u0106wiczenia 9<\/a><\/li>\n<li><a href=\"http:\/\/agnieszkalacka.pl\/wp-content\/uploads\/2019\/04\/10.pdf\">\u0106wiczenia 10<\/a><\/li>\n<li><a href=\"http:\/\/agnieszkalacka.pl\/wp-content\/uploads\/2019\/04\/11.pdf\">\u0106wiczenia 11<\/a><\/li>\n<li><a href=\"https:\/\/agnieszkalacka.pl\/wp-content\/uploads\/2022\/05\/cwicz-12_2022.pdf\">\u0106wiczenia 12<\/a><\/li>\n<li><a href=\"http:\/\/agnieszkalacka.pl\/wp-content\/uploads\/2019\/04\/13.pdf\">\u0106wiczenia 13<\/a><\/li>\n<li>kolokwium II<\/li>\n<\/ul>\n<\/td>\n<td valign=\"top\">\n<ul>\n<li style=\"list-style-type: none;\">\n<ul>TEORIA<\/ul>\n<\/li>\n<\/ul>\n<ul>\n<li style=\"list-style-type: none;\">\n<ul>\n<li><a href=\"http:\/\/agnieszkalacka.pl\/wp-content\/uploads\/2019\/02\/t1.pdf\">\u0106wiczenia 1 \u2013 teoria<\/a><\/li>\n<li><a href=\"http:\/\/agnieszkalacka.pl\/wp-content\/uploads\/2019\/02\/t2.pdf\">\u0106wiczenia 2 \u2013 teoria<\/a><\/li>\n<li><a href=\"http:\/\/agnieszkalacka.pl\/wp-content\/uploads\/2019\/02\/t3_4.pdf\">\u0106wiczenia 3,4 \u2013 teoria<\/a><\/li>\n<li><a href=\"http:\/\/agnieszkalacka.pl\/wp-content\/uploads\/2019\/03\/t5_6.pdf\">\u0106wiczenia 5,6 \u2013 teoria<\/a><\/li>\n<li><a href=\"http:\/\/agnieszkalacka.pl\/wp-content\/uploads\/2019\/03\/t7.pdf\">\u0106wiczenia 7 \u2013 teoria<\/a><\/li>\n<li><a href=\"http:\/\/agnieszkalacka.pl\/wp-content\/uploads\/2019\/05\/Tablice.pdf\">TABLICE STATYSTYCZNE<\/a><\/li>\n<\/ul>\n<\/li>\n<\/ul>\n<\/td>\n<\/tr>\n<\/tbody>\n<\/table>\n\n\n<p><\/p>\n","protected":false},"excerpt":{"rendered":"<p>MATEMATYKA I STATYSTYKA SEMESTR ZIMOWY ZADANIA \u0106wiczenia 1 \u0106wiczenia 2 i 3 \u0106wiczenia 4 \u0106wiczenia 5 \u0106wiczenia 6 \u0106wiczenia 7 i 8 kolokwium I \u0106wiczenia 10 \u0106wiczenia 11 \u0106wiczenia 12 i 13 kolokwium II TEORIA \u0106wiczenia 1 &#8211; teoria \u0106wiczenia &hellip; <a href=\"https:\/\/agnieszkalacka.pl\/index.php\/dydaktyka\/matematyka\/materialy\/\">Czytaj dalej <span class=\"meta-nav\">&rarr;<\/span><\/a><\/p>\n","protected":false},"author":3,"featured_media":0,"parent":31,"menu_order":0,"comment_status":"closed","ping_status":"closed","template":"","meta":[],"_links":{"self":[{"href":"https:\/\/agnieszkalacka.pl\/index.php\/wp-json\/wp\/v2\/pages\/46"}],"collection":[{"href":"https:\/\/agnieszkalacka.pl\/index.php\/wp-json\/wp\/v2\/pages"}],"about":[{"href":"https:\/\/agnieszkalacka.pl\/index.php\/wp-json\/wp\/v2\/types\/page"}],"author":[{"embeddable":true,"href":"https:\/\/agnieszkalacka.pl\/index.php\/wp-json\/wp\/v2\/users\/3"}],"replies":[{"embeddable":true,"href":"https:\/\/agnieszkalacka.pl\/index.php\/wp-json\/wp\/v2\/comments?post=46"}],"version-history":[{"count":4,"href":"https:\/\/agnieszkalacka.pl\/index.php\/wp-json\/wp\/v2\/pages\/46\/revisions"}],"predecessor-version":[{"id":2035,"href":"https:\/\/agnieszkalacka.pl\/index.php\/wp-json\/wp\/v2\/pages\/46\/revisions\/2035"}],"up":[{"embeddable":true,"href":"https:\/\/agnieszkalacka.pl\/index.php\/wp-json\/wp\/v2\/pages\/31"}],"wp:attachment":[{"href":"https:\/\/agnieszkalacka.pl\/index.php\/wp-json\/wp\/v2\/media?parent=46"}],"curies":[{"name":"wp","href":"https:\/\/api.w.org\/{rel}","templated":true}]}}